{"id":706,"date":"2023-03-24T11:16:22","date_gmt":"2023-03-24T10:16:22","guid":{"rendered":"https:\/\/closdeslavandes.fr\/?page_id=706"},"modified":"2023-11-30T20:34:55","modified_gmt":"2023-11-30T19:34:55","slug":"la-pasa","status":"publish","type":"page","link":"https:\/\/closdeslavandes.fr\/index.php\/la-pasa\/","title":{"rendered":"Le PASA"},"content":{"rendered":"<div class=\"lpb-clear-section\"><\/div><!-- .lpb-clear-section -->\n\n<div class=\"lpb-page-row\"><!-- .lpb-page-row -->\n<div class=\"lpb-container\"><!-- .lpb-container -->\n<div class=\"lpb-row\"><!-- .lpb-row -->\n\n<div class=\"lpb-col-12 lpb-page-item has-bg\" ><!-- .lpb-page-item -->\n\n<hr class=\"lpb-item-line\">\n<\/div><!-- \/.lpb-page-item -->\n\n<\/div><!-- \/.lpb-row -->\n<\/div><!-- \/.lpb-container -->\n<\/div><!-- \/.lpb-page-row -->\n\n<div class=\"lpb-page-row\"><!-- .lpb-page-row -->\n<div class=\"lpb-container\"><!-- .lpb-container -->\n<div class=\"lpb-row\"><!-- .lpb-row -->\n\n<div class=\"lpb-col-12 lpb-page-item has-bg\" ><!-- .lpb-page-item -->\n\n<div class=\"lpb-item-column\" >\n\t<div class=\"lpb-item-content\"><div style=\"text-align: center\">\n<h5>Le P\u00f4le d\u2019Activit\u00e9s et de soins Adapt\u00e9s (PASA) permet d\u2019accueillir, dans la journ\u00e9e, les r\u00e9sidents de l\u2019EHPAD, dans le but de leur proposer des activit\u00e9s sociales et th\u00e9rapeutiques, individuelles ou collectives, afin de maintenir ou de r\u00e9habiliter leurs capacit\u00e9s fonctionnelles, leurs fonctions cognitives, sensorielles et leurs liens sociaux.<\/p>\n<p>Notre \u00e9quipe d\u2019ASG accompagne quotidiennement les r\u00e9sidents dans le bon d\u00e9roulement d\u2019une journ\u00e9e \u00ab comme \u00e0 la maison \u00bb. Des animations th\u00e9rapeutiques sont organis\u00e9es pour maintenir les acquis, pr\u00e9server l\u2019autonomie et favoriser le bien-\u00eatre des r\u00e9sidents. Un programme des activit\u00e9s de la semaine est \u00e9tabli r\u00e9guli\u00e8rement suite \u00e0 une \u00e9valuation individualis\u00e9e.<\/p>\n<p>Le nombre de r\u00e9sidents accueillis au sein du PASA est volontairement limit\u00e9, pour permettre \u00e0 chacun d\u2019entre eux de recevoir une attention sp\u00e9cifique adapt\u00e9e \u00e0 son histoire et \u00e0 sa personnalit\u00e9.<\/p>\n<p>Votre parent peut \u00eatre concern\u00e9 par une ou plusieurs de ces th\u00e9rapeutiques. N\u2019h\u00e9sitez pas \u00e0 vous rapprocher de l\u2019\u00e9quipe pluridisciplinaire si vous avez la moindre question.<\/h5>\n<\/div>\n<\/div>\n<\/div>\n<\/div><!-- \/.lpb-page-item -->\n\n<\/div><!-- \/.lpb-row -->\n<\/div><!-- \/.lpb-container -->\n<\/div><!-- \/.lpb-page-row -->\n\n<div class=\"lpb-page-row\"><!-- .lpb-page-row -->\n<div class=\"lpb-container\"><!-- .lpb-container -->\n<div class=\"lpb-row\"><!-- .lpb-row -->\n\n<div class=\"lpb-col-12 lpb-page-item has-bg\" ><!-- .lpb-page-item -->\n\n<hr class=\"lpb-item-line\">\n<\/div><!-- \/.lpb-page-item -->\n\n<\/div><!-- \/.lpb-row -->\n<\/div><!-- \/.lpb-container -->\n<\/div><!-- \/.lpb-page-row -->\n\n<div class=\"lpb-page-row\"><!-- .lpb-page-row -->\n<div class=\"lpb-container\"><!-- .lpb-container -->\n<div class=\"lpb-row\"><!-- .lpb-row -->\n\n<div class=\"lpb-col-12 lpb-page-item has-bg\" ><!-- .lpb-page-item -->\n\n\t\t<div class=\"morrison-hotel-gallery flexslider\" data-speed=\"4000\" style=\"max-width:800px\">\n\t\t\t<ul class=\"slides\">\n\t\t\t\t\n\t\t\t\t\t<li>\n\t\t\t\t\t\t<img width=\"2560\" height=\"1920\" src=\"https:\/\/closdeslavandes.fr\/wp-content\/uploads\/2023\/04\/PASA-bien-2-scaled.jpg\" class=\"attachment-full size-full\" alt=\"\" \/>\t\t\t\t\t<\/li>\n\n\t\t\t\t\n\t\t\t\t\t<li>\n\t\t\t\t\t\t<img width=\"2560\" height=\"1920\" src=\"https:\/\/closdeslavandes.fr\/wp-content\/uploads\/2023\/04\/PASA-bien-scaled.jpg\" class=\"attachment-full size-full\" alt=\"\" \/>\t\t\t\t\t<\/li>\n\n\t\t\t\t\n\t\t\t\t\t<li>\n\t\t\t\t\t\t<img width=\"2560\" height=\"1920\" src=\"https:\/\/closdeslavandes.fr\/wp-content\/uploads\/2023\/04\/pasa-jardin-scaled.jpg\" class=\"attachment-full size-full\" alt=\"\" \/>\t\t\t\t\t<\/li>\n\n\t\t\t\t\t\t\t<\/ul>\n\t\t<\/div>\n\t<\/div><!-- \/.lpb-page-item -->\n<\/div><!-- \/.lpb-row -->\n<\/div><!-- \/.lpb-container -->\n<\/div><!-- \/.lpb-page-row -->\n\n","protected":false},"excerpt":{"rendered":"<p>Le P\u00f4le d\u2019Activit\u00e9s et de soins Adapt\u00e9s (PASA) permet d\u2019accueillir, dans la journ\u00e9e, les r\u00e9sidents de l\u2019EHPAD, dans le but de leur proposer des activit\u00e9s sociales et th\u00e9rapeutiques, individuelles ou collectives, afin de maintenir ou de r\u00e9habiliter leurs capacit\u00e9s fonctionnelles, leurs fonctions cognitives, sensorielles et leurs liens sociaux. Notre \u00e9quipe d\u2019ASG accompagne quotidiennement les r\u00e9sidents [&hellip;]<\/p>\n","protected":false},"author":2,"featured_media":0,"parent":0,"menu_order":0,"comment_status":"closed","ping_status":"closed","template":"","meta":{"footnotes":""},"class_list":["post-706","page","type-page","status-publish","hentry"],"aioseo_notices":[],"_links":{"self":[{"href":"https:\/\/closdeslavandes.fr\/index.php\/wp-json\/wp\/v2\/pages\/706","targetHints":{"allow":["GET"]}}],"collection":[{"href":"https:\/\/closdeslavandes.fr\/index.php\/wp-json\/wp\/v2\/pages"}],"about":[{"href":"https:\/\/closdeslavandes.fr\/index.php\/wp-json\/wp\/v2\/types\/page"}],"author":[{"embeddable":true,"href":"https:\/\/closdeslavandes.fr\/index.php\/wp-json\/wp\/v2\/users\/2"}],"replies":[{"embeddable":true,"href":"https:\/\/closdeslavandes.fr\/index.php\/wp-json\/wp\/v2\/comments?post=706"}],"version-history":[{"count":6,"href":"https:\/\/closdeslavandes.fr\/index.php\/wp-json\/wp\/v2\/pages\/706\/revisions"}],"predecessor-version":[{"id":1169,"href":"https:\/\/closdeslavandes.fr\/index.php\/wp-json\/wp\/v2\/pages\/706\/revisions\/1169"}],"wp:attachment":[{"href":"https:\/\/closdeslavandes.fr\/index.php\/wp-json\/wp\/v2\/media?parent=706"}],"curies":[{"name":"wp","href":"https:\/\/api.w.org\/{rel}","templated":true}]}}